{"id":7355,"date":"2020-03-31T13:28:38","date_gmt":"2020-03-31T20:28:38","guid":{"rendered":"https:\/\/studentmentalhealthtoolkit.com\/le-coin-des-ados\/"},"modified":"2025-08-07T09:41:15","modified_gmt":"2025-08-07T16:41:15","slug":"le-coin-des-ados","status":"publish","type":"page","link":"https:\/\/studentmentalhealthtoolkit.com\/fr\/le-coin-des-ados\/","title":{"rendered":"Le coin des ados"},"content":{"rendered":"<p>Le Coin des ados est une section de la bo\u00eete \u00e0 outils pour la sant\u00e9 mentale des \u00e9l\u00e8ves qui s\u2019adresse aux adolescentes et adolescents, aux \u00e9ducateurs et \u00e9ducatrices, aux conseill\u00e8res et conseillers scolaires ainsi qu\u2019aux parents, tuteurs et tutrices qui veulent enseigner et promouvoir le bien-\u00eatre mental pour les \u00e9l\u00e8ves de la 8e \u00e0 la 12e ann\u00e9e. Consultez nos plans de cours, nos vid\u00e9os, nos ressources t\u00e9l\u00e9chargeables et bien plus encore !<\/p>\n","protected":false},"excerpt":{"rendered":"<p>Le Coin des ados est une section de la bo\u00eete \u00e0 outils pour la sant\u00e9 mentale des \u00e9l\u00e8ves qui s\u2019adresse aux adolescentes et adolescents, aux \u00e9ducateurs et \u00e9ducatrices, aux conseill\u00e8res et conseillers scolaires ainsi qu\u2019aux parents, tuteurs et tutrices qui veulent enseigner et promouvoir le bien-\u00eatre mental pour les \u00e9l\u00e8ves de la 8e \u00e0 la 12e ann\u00e9e. Consultez nos plans de cours, nos vid\u00e9os, nos ressources t\u00e9l\u00e9chargeables et bien plus encore !<\/p>\n","protected":false},"author":1,"featured_media":0,"parent":0,"menu_order":0,"comment_status":"closed","ping_status":"closed","template":"","meta":{"pmpro_default_level":"","_searchwp_excluded":"","_monsterinsights_skip_tracking":false,"_monsterinsights_sitenote_active":false,"_monsterinsights_sitenote_note":"","_monsterinsights_sitenote_category":0,"footnotes":"","_links_to":"","_links_to_target":""},"class_list":["post-7355","page","type-page","status-publish","hentry","pmpro-has-access"],"yoast_head":"<!-- This site is optimized with the Yoast SEO plugin v27.4 - https:\/\/yoast.com\/product\/yoast-seo-wordpress\/ -->\n<title>Bo\u00eete \u00e0 outils pour la sant\u00e9 mentale des \u00e9l\u00e8ves - Le coin des ados | Soci\u00e9t\u00e9 sans stigmatisation<\/title>\n<meta name=\"description\" content=\"Cette version de notre populaire bo\u00eete \u00e0 outils pour la sant\u00e9 mentale des \u00e9l\u00e8ves est sp\u00e9cialement con\u00e7ue pour les \u00e9l\u00e8ves de la 7e \u00e0 la 12e ann\u00e9e. Vid\u00e9os documentaires, histoires inspirantes, th\u00e8mes li\u00e9s \u00e0 la sant\u00e9 mentale, etc.\" \/>\n<meta name=\"robots\" content=\"index, follow, max-snippet:-1, max-image-preview:large, max-video-preview:-1\" \/>\n<link rel=\"canonical\" href=\"https:\/\/studentmentalhealthtoolkit.com\/fr\/le-coin-des-ados\/\" \/>\n<meta property=\"og:locale\" content=\"fr_FR\" \/>\n<meta property=\"og:type\" content=\"article\" \/>\n<meta property=\"og:title\" content=\"Bo\u00eete \u00e0 outils pour la sant\u00e9 mentale des \u00e9l\u00e8ves - Le coin des ados | Soci\u00e9t\u00e9 sans stigmatisation\" \/>\n<meta property=\"og:description\" content=\"Cette version de notre populaire bo\u00eete \u00e0 outils pour la sant\u00e9 mentale des \u00e9l\u00e8ves est sp\u00e9cialement con\u00e7ue pour les \u00e9l\u00e8ves de la 7e \u00e0 la 12e ann\u00e9e. Vid\u00e9os documentaires, histoires inspirantes, th\u00e8mes li\u00e9s \u00e0 la sant\u00e9 mentale, etc.\" \/>\n<meta property=\"og:url\" content=\"https:\/\/studentmentalhealthtoolkit.com\/fr\/le-coin-des-ados\/\" \/>\n<meta property=\"og:site_name\" content=\"Stigma-Free Student Mental Health Toolkit\" \/>\n<meta property=\"article:modified_time\" content=\"2025-08-07T16:41:15+00:00\" \/>\n<meta property=\"og:image\" content=\"https:\/\/studentmentalhealthtoolkit.com\/wp-content\/uploads\/2020\/03\/facebook-logo.png\" \/>\n\t<meta property=\"og:image:width\" content=\"530\" \/>\n\t<meta property=\"og:image:height\" content=\"275\" \/>\n\t<meta property=\"og:image:type\" content=\"image\/png\" \/>\n<meta name=\"twitter:card\" content=\"summary_large_image\" \/>\n<meta name=\"twitter:label1\" content=\"Dur\u00e9e de lecture estim\u00e9e\" \/>\n\t<meta name=\"twitter:data1\" content=\"9 minutes\" \/>\n<script type=\"application\/ld+json\" class=\"yoast-schema-graph\">{\"@context\":\"https:\\\/\\\/schema.org\",\"@graph\":[{\"@type\":\"WebPage\",\"@id\":\"https:\\\/\\\/studentmentalhealthtoolkit.com\\\/fr\\\/le-coin-des-ados\\\/\",\"url\":\"https:\\\/\\\/studentmentalhealthtoolkit.com\\\/fr\\\/le-coin-des-ados\\\/\",\"name\":\"Bo\u00eete \u00e0 outils pour la sant\u00e9 mentale des \u00e9l\u00e8ves - Le coin des ados | Soci\u00e9t\u00e9 sans stigmatisation\",\"isPartOf\":{\"@id\":\"https:\\\/\\\/studentmentalhealthtoolkit.com\\\/#website\"},\"datePublished\":\"2020-03-31T20:28:38+00:00\",\"dateModified\":\"2025-08-07T16:41:15+00:00\",\"description\":\"Cette version de notre populaire bo\u00eete \u00e0 outils pour la sant\u00e9 mentale des \u00e9l\u00e8ves est sp\u00e9cialement con\u00e7ue pour les \u00e9l\u00e8ves de la 7e \u00e0 la 12e ann\u00e9e. Vid\u00e9os documentaires, histoires inspirantes, th\u00e8mes li\u00e9s \u00e0 la sant\u00e9 mentale, etc.\",\"breadcrumb\":{\"@id\":\"https:\\\/\\\/studentmentalhealthtoolkit.com\\\/fr\\\/le-coin-des-ados\\\/#breadcrumb\"},\"inLanguage\":\"fr-FR\",\"potentialAction\":[{\"@type\":\"ReadAction\",\"target\":[\"https:\\\/\\\/studentmentalhealthtoolkit.com\\\/fr\\\/le-coin-des-ados\\\/\"]}]},{\"@type\":\"BreadcrumbList\",\"@id\":\"https:\\\/\\\/studentmentalhealthtoolkit.com\\\/fr\\\/le-coin-des-ados\\\/#breadcrumb\",\"itemListElement\":[{\"@type\":\"ListItem\",\"position\":1,\"name\":\"Home\",\"item\":\"https:\\\/\\\/studentmentalhealthtoolkit.com\\\/fr\\\/page-daccueil\\\/\"},{\"@type\":\"ListItem\",\"position\":2,\"name\":\"Le coin des ados\"}]},{\"@type\":\"WebSite\",\"@id\":\"https:\\\/\\\/studentmentalhealthtoolkit.com\\\/#website\",\"url\":\"https:\\\/\\\/studentmentalhealthtoolkit.com\\\/\",\"name\":\"Stigma-Free Student Mental Health Toolkit\",\"description\":\"Stigma-Free Society\",\"potentialAction\":[{\"@type\":\"SearchAction\",\"target\":{\"@type\":\"EntryPoint\",\"urlTemplate\":\"https:\\\/\\\/studentmentalhealthtoolkit.com\\\/?s={search_term_string}\"},\"query-input\":{\"@type\":\"PropertyValueSpecification\",\"valueRequired\":true,\"valueName\":\"search_term_string\"}}],\"inLanguage\":\"fr-FR\"}]}<\/script>\n<!-- \/ Yoast SEO plugin. -->","yoast_head_json":{"title":"Bo\u00eete \u00e0 outils pour la sant\u00e9 mentale des \u00e9l\u00e8ves - Le coin des ados | Soci\u00e9t\u00e9 sans stigmatisation","description":"Cette version de notre populaire bo\u00eete \u00e0 outils pour la sant\u00e9 mentale des \u00e9l\u00e8ves est sp\u00e9cialement con\u00e7ue pour les \u00e9l\u00e8ves de la 7e \u00e0 la 12e ann\u00e9e. Vid\u00e9os documentaires, histoires inspirantes, th\u00e8mes li\u00e9s \u00e0 la sant\u00e9 mentale, etc.","robots":{"index":"index","follow":"follow","max-snippet":"max-snippet:-1","max-image-preview":"max-image-preview:large","max-video-preview":"max-video-preview:-1"},"canonical":"https:\/\/studentmentalhealthtoolkit.com\/fr\/le-coin-des-ados\/","og_locale":"fr_FR","og_type":"article","og_title":"Bo\u00eete \u00e0 outils pour la sant\u00e9 mentale des \u00e9l\u00e8ves - Le coin des ados | Soci\u00e9t\u00e9 sans stigmatisation","og_description":"Cette version de notre populaire bo\u00eete \u00e0 outils pour la sant\u00e9 mentale des \u00e9l\u00e8ves est sp\u00e9cialement con\u00e7ue pour les \u00e9l\u00e8ves de la 7e \u00e0 la 12e ann\u00e9e. Vid\u00e9os documentaires, histoires inspirantes, th\u00e8mes li\u00e9s \u00e0 la sant\u00e9 mentale, etc.","og_url":"https:\/\/studentmentalhealthtoolkit.com\/fr\/le-coin-des-ados\/","og_site_name":"Stigma-Free Student Mental Health Toolkit","article_modified_time":"2025-08-07T16:41:15+00:00","og_image":[{"width":530,"height":275,"url":"https:\/\/studentmentalhealthtoolkit.com\/wp-content\/uploads\/2020\/03\/facebook-logo.png","type":"image\/png"}],"twitter_card":"summary_large_image","twitter_misc":{"Dur\u00e9e de lecture estim\u00e9e":"9 minutes"},"schema":{"@context":"https:\/\/schema.org","@graph":[{"@type":"WebPage","@id":"https:\/\/studentmentalhealthtoolkit.com\/fr\/le-coin-des-ados\/","url":"https:\/\/studentmentalhealthtoolkit.com\/fr\/le-coin-des-ados\/","name":"Bo\u00eete \u00e0 outils pour la sant\u00e9 mentale des \u00e9l\u00e8ves - Le coin des ados | Soci\u00e9t\u00e9 sans stigmatisation","isPartOf":{"@id":"https:\/\/studentmentalhealthtoolkit.com\/#website"},"datePublished":"2020-03-31T20:28:38+00:00","dateModified":"2025-08-07T16:41:15+00:00","description":"Cette version de notre populaire bo\u00eete \u00e0 outils pour la sant\u00e9 mentale des \u00e9l\u00e8ves est sp\u00e9cialement con\u00e7ue pour les \u00e9l\u00e8ves de la 7e \u00e0 la 12e ann\u00e9e. Vid\u00e9os documentaires, histoires inspirantes, th\u00e8mes li\u00e9s \u00e0 la sant\u00e9 mentale, etc.","breadcrumb":{"@id":"https:\/\/studentmentalhealthtoolkit.com\/fr\/le-coin-des-ados\/#breadcrumb"},"inLanguage":"fr-FR","potentialAction":[{"@type":"ReadAction","target":["https:\/\/studentmentalhealthtoolkit.com\/fr\/le-coin-des-ados\/"]}]},{"@type":"BreadcrumbList","@id":"https:\/\/studentmentalhealthtoolkit.com\/fr\/le-coin-des-ados\/#breadcrumb","itemListElement":[{"@type":"ListItem","position":1,"name":"Home","item":"https:\/\/studentmentalhealthtoolkit.com\/fr\/page-daccueil\/"},{"@type":"ListItem","position":2,"name":"Le coin des ados"}]},{"@type":"WebSite","@id":"https:\/\/studentmentalhealthtoolkit.com\/#website","url":"https:\/\/studentmentalhealthtoolkit.com\/","name":"Stigma-Free Student Mental Health Toolkit","description":"Stigma-Free Society","potentialAction":[{"@type":"SearchAction","target":{"@type":"EntryPoint","urlTemplate":"https:\/\/studentmentalhealthtoolkit.com\/?s={search_term_string}"},"query-input":{"@type":"PropertyValueSpecification","valueRequired":true,"valueName":"search_term_string"}}],"inLanguage":"fr-FR"}]}},"_links":{"self":[{"href":"https:\/\/studentmentalhealthtoolkit.com\/fr\/wp-json\/wp\/v2\/pages\/7355","targetHints":{"allow":["GET"]}}],"collection":[{"href":"https:\/\/studentmentalhealthtoolkit.com\/fr\/wp-json\/wp\/v2\/pages"}],"about":[{"href":"https:\/\/studentmentalhealthtoolkit.com\/fr\/wp-json\/wp\/v2\/types\/page"}],"author":[{"embeddable":true,"href":"https:\/\/studentmentalhealthtoolkit.com\/fr\/wp-json\/wp\/v2\/users\/1"}],"replies":[{"embeddable":true,"href":"https:\/\/studentmentalhealthtoolkit.com\/fr\/wp-json\/wp\/v2\/comments?post=7355"}],"version-history":[{"count":14,"href":"https:\/\/studentmentalhealthtoolkit.com\/fr\/wp-json\/wp\/v2\/pages\/7355\/revisions"}],"predecessor-version":[{"id":12176,"href":"https:\/\/studentmentalhealthtoolkit.com\/fr\/wp-json\/wp\/v2\/pages\/7355\/revisions\/12176"}],"wp:attachment":[{"href":"https:\/\/studentmentalhealthtoolkit.com\/fr\/wp-json\/wp\/v2\/media?parent=7355"}],"curies":[{"name":"wp","href":"https:\/\/api.w.org\/{rel}","templated":true}]}}